{"id":11,"date":"2023-06-29T15:15:23","date_gmt":"2023-06-29T13:15:23","guid":{"rendered":"https:\/\/www.chateau-anneot.fr\/?page_id=11"},"modified":"2023-08-28T10:23:56","modified_gmt":"2023-08-28T08:23:56","slug":"le-domaine","status":"publish","type":"page","link":"https:\/\/www.chateau-anneot.fr\/index.php\/le-domaine\/","title":{"rendered":"Le domaine"},"content":{"rendered":"\n<p>Il s\u2019agit d\u2019un ensemble \u00ab&nbsp;composant un tableau particuli\u00e8rement pittoresque de la campagne avallonnaise<sup>1<\/sup>\u00bb en grande partie du XVIII<sup>e <\/sup>si\u00e8cle, compos\u00e9 d\u2019un ch\u00e2teau, d\u2019un pigeonnier, de trois communs formant une cour ferm\u00e9e, d\u2019un parc avec sa fontaine et son cabinet de verdure, le tout sur environ 2.5 ha, partiellement clos de murs anciens. Un espace bois\u00e9 de surface \u00e9quivalente est contigu au parc.<\/p>\n\n\n\n<p><sup>1<\/sup><em>Rapport de visite du service territorial de l\u2019architecture et du patrimoine de l\u2019Yonne en date du 2 d\u00e9cembre 2013<\/em><\/p>\n\n\n\n<blockquote class=\"wp-block-quote is-layout-flow wp-block-quote-is-layout-flow\">\n<figure class=\"wp-block-image size-large\"><img loading=\"lazy\" decoding=\"async\" width=\"1024\" height=\"576\" src=\"https:\/\/www.chateau-anneot.fr\/wp-content\/uploads\/2023\/08\/20230827_102655-1024x576.jpg\" alt=\"\" class=\"wp-image-183\" srcset=\"https:\/\/www.chateau-anneot.fr\/wp-content\/uploads\/2023\/08\/20230827_102655-1024x576.jpg 1024w, https:\/\/www.chateau-anneot.fr\/wp-content\/uploads\/2023\/08\/20230827_102655-300x169.jpg 300w, https:\/\/www.chateau-anneot.fr\/wp-content\/uploads\/2023\/08\/20230827_102655-768x432.jpg 768w, https:\/\/www.chateau-anneot.fr\/wp-content\/uploads\/2023\/08\/20230827_102655-1536x864.jpg 1536w, https:\/\/www.chateau-anneot.fr\/wp-content\/uploads\/2023\/08\/20230827_102655-2048x1152.jpg 2048w, https:\/\/www.chateau-anneot.fr\/wp-content\/uploads\/2023\/08\/20230827_102655-1568x882.jpg 1568w\" sizes=\"auto, (max-width: 1024px) 100vw, 1024px\" \/><\/figure>\n<\/blockquote>\n\n\n\n<hr class=\"wp-block-separator has-alpha-channel-opacity\"\/>\n\n\n\n<p><em><strong>L&rsquo;ensemble des b\u00e2timents du domaine (murs et toitures), ainsi que l&rsquo;escalier d&rsquo;honneur et le premier salon, ont \u00e9t\u00e9 inscrits au titre des&nbsp;<a href=\"https:\/\/fr.wikipedia.org\/wiki\/Monument_historique_(France)\">monuments historiques<\/a>&nbsp;en 1984.<\/strong><\/em><\/p>\n\n\n\n<hr class=\"wp-block-separator has-alpha-channel-opacity\"\/>\n\n\n\n<h2 class=\"wp-block-heading\">Description historique<\/h2>\n\n\n\n<figure class=\"wp-block-image size-full\"><img loading=\"lazy\" decoding=\"async\" width=\"992\" height=\"715\" src=\"https:\/\/www.chateau-anneot.fr\/wp-content\/uploads\/2023\/07\/cadastre-1806.jpg\" alt=\"\" class=\"wp-image-74\" srcset=\"https:\/\/www.chateau-anneot.fr\/wp-content\/uploads\/2023\/07\/cadastre-1806.jpg 992w, https:\/\/www.chateau-anneot.fr\/wp-content\/uploads\/2023\/07\/cadastre-1806-300x216.jpg 300w, https:\/\/www.chateau-anneot.fr\/wp-content\/uploads\/2023\/07\/cadastre-1806-768x554.jpg 768w\" sizes=\"auto, (max-width: 992px) 100vw, 992px\" \/><\/figure>\n\n\n\n<p>\u00ab\u00a0<em>Apr\u00e8s une premi\u00e8re cour entour\u00e9e des communs et b\u00e2timents d\u2019exploitation, une longue grille coup\u00e9e de place en place par des pilastres de pierre de taille surmont\u00e9es de vases sculpt\u00e9es, donnait acc\u00e8s \u00e0 une cour d\u2019honneur en miniature, bord\u00e9e du c\u00f4t\u00e9 ouest par la fa\u00e7ade du ch\u00e2teau, avec son pavillon central orn\u00e9 de l\u2019\u00e9cusson des Champion qu\u2019on y voit encore. Devant la fa\u00e7ade, un bassin rectangulaire \u00e9tait flanqu\u00e9 de deux bassins ronds, plus petits, qui lan\u00e7aient des jets d\u2019eau. Sur le c\u00f4t\u00e9 sud, un escalier de quelques marches conduisait aux parterres \u00e0 la fran\u00e7aise, peupl\u00e9s de statues, de groupes en pierre sculpt\u00e9e&nbsp;; les hautes murailles qui formaient la cl\u00f4ture \u00e9taient de place en place d\u00e9cor\u00e9es de grottes en rocailles, encadr\u00e9es de pierre de taille et surmont\u00e9es de vases sculpt\u00e9es et de bustes. Le cr\u00e9ateur de ces jardins avaient cherch\u00e9 \u00e0 imiter Versailles dans un espace de moins de un arpent<\/em><sup>1<\/sup>.\u00a0\u00bb<sup>2<\/sup><\/p>\n\n\n\n<p><\/p>\n\n\n\n<ol class=\"wp-block-list\">\n<li>Environ 4200 m\u00b2 selon l\u2019arpent coutumier de Bourgogne (cf. Tableau des mesures les plus courantes en usage dans le pays beaunois. M\u00e9trologie r\u00e9alis\u00e9e par Yvette DARCY-BERTULETTI). Les relev\u00e9s de terrain semblent confirmer cette surface.<\/li>\n\n\n\n<li><em>Bulletin de la Soci\u00e9t\u00e9 d\u2019\u00e9tudes d\u2019Avallon &#8211; 1912<\/em><\/li>\n<\/ol>\n\n\n\n<figure class=\"wp-block-gallery has-nested-images columns-default is-cropped wp-block-gallery-1 is-layout-flex wp-block-gallery-is-layout-flex\">\n<figure class=\"wp-block-image size-large\"><img loading=\"lazy\" decoding=\"async\" width=\"1024\" height=\"734\" data-id=\"73\" src=\"https:\/\/www.chateau-anneot.fr\/wp-content\/uploads\/2023\/07\/CPA-1-1024x734.jpg\" alt=\"\" class=\"wp-image-73\" srcset=\"https:\/\/www.chateau-anneot.fr\/wp-content\/uploads\/2023\/07\/CPA-1-1024x734.jpg 1024w, https:\/\/www.chateau-anneot.fr\/wp-content\/uploads\/2023\/07\/CPA-1-300x215.jpg 300w, https:\/\/www.chateau-anneot.fr\/wp-content\/uploads\/2023\/07\/CPA-1-768x550.jpg 768w, https:\/\/www.chateau-anneot.fr\/wp-content\/uploads\/2023\/07\/CPA-1-1536x1101.jpg 1536w, https:\/\/www.chateau-anneot.fr\/wp-content\/uploads\/2023\/07\/CPA-1-2048x1468.jpg 2048w, https:\/\/www.chateau-anneot.fr\/wp-content\/uploads\/2023\/07\/CPA-1-1568x1124.jpg 1568w\" sizes=\"auto, (max-width: 1024px) 100vw, 1024px\" \/><\/figure>\n\n\n\n<figure class=\"wp-block-image size-large\"><img loading=\"lazy\" decoding=\"async\" width=\"1024\" height=\"724\" data-id=\"72\" src=\"https:\/\/www.chateau-anneot.fr\/wp-content\/uploads\/2023\/07\/CPA-2-1024x724.jpg\" alt=\"\" class=\"wp-image-72\" srcset=\"https:\/\/www.chateau-anneot.fr\/wp-content\/uploads\/2023\/07\/CPA-2-1024x724.jpg 1024w, https:\/\/www.chateau-anneot.fr\/wp-content\/uploads\/2023\/07\/CPA-2-300x212.jpg 300w, https:\/\/www.chateau-anneot.fr\/wp-content\/uploads\/2023\/07\/CPA-2-768x543.jpg 768w, https:\/\/www.chateau-anneot.fr\/wp-content\/uploads\/2023\/07\/CPA-2-1536x1086.jpg 1536w, https:\/\/www.chateau-anneot.fr\/wp-content\/uploads\/2023\/07\/CPA-2-2048x1448.jpg 2048w, https:\/\/www.chateau-anneot.fr\/wp-content\/uploads\/2023\/07\/CPA-2-1568x1109.jpg 1568w\" sizes=\"auto, (max-width: 1024px) 100vw, 1024px\" \/><\/figure>\n\n\n\n<figure class=\"wp-block-image size-large\"><img loading=\"lazy\" decoding=\"async\" width=\"1024\" height=\"637\" data-id=\"71\" src=\"https:\/\/www.chateau-anneot.fr\/wp-content\/uploads\/2023\/07\/CPA-3-1024x637.jpg\" alt=\"\" class=\"wp-image-71\" srcset=\"https:\/\/www.chateau-anneot.fr\/wp-content\/uploads\/2023\/07\/CPA-3-1024x637.jpg 1024w, https:\/\/www.chateau-anneot.fr\/wp-content\/uploads\/2023\/07\/CPA-3-300x187.jpg 300w, https:\/\/www.chateau-anneot.fr\/wp-content\/uploads\/2023\/07\/CPA-3-768x478.jpg 768w, https:\/\/www.chateau-anneot.fr\/wp-content\/uploads\/2023\/07\/CPA-3-1536x956.jpg 1536w, https:\/\/www.chateau-anneot.fr\/wp-content\/uploads\/2023\/07\/CPA-3-2048x1275.jpg 2048w, https:\/\/www.chateau-anneot.fr\/wp-content\/uploads\/2023\/07\/CPA-3-1568x976.jpg 1568w\" sizes=\"auto, (max-width: 1024px) 100vw, 1024px\" \/><\/figure>\n<\/figure>\n\n\n","protected":false},"excerpt":{"rendered":"<p>Il s\u2019agit d\u2019un ensemble \u00ab&nbsp;composant un tableau particuli\u00e8rement pittoresque de la campagne avallonnaise1\u00bb en grande partie du XVIIIe si\u00e8cle, compos\u00e9 d\u2019un ch\u00e2teau, d\u2019un pigeonnier, de trois communs formant une cour ferm\u00e9e, d\u2019un parc avec sa fontaine et son cabinet de verdure, le tout sur environ 2.5 ha, partiellement clos de murs anciens. Un espace bois\u00e9<a class=\"more-link\" href=\"https:\/\/www.chateau-anneot.fr\/index.php\/le-domaine\/\">Continue reading <span class=\"screen-reader-text\">\u00ab\u00a0Le domaine\u00a0\u00bb<\/span><\/a><\/p>\n","protected":false},"author":1,"featured_media":0,"parent":0,"menu_order":0,"comment_status":"closed","ping_status":"closed","template":"","meta":{"_monsterinsights_skip_tracking":false,"_monsterinsights_sitenote_active":false,"_monsterinsights_sitenote_note":"","_monsterinsights_sitenote_category":0,"footnotes":""},"class_list":["post-11","page","type-page","status-publish","hentry","entry"],"_links":{"self":[{"href":"https:\/\/www.chateau-anneot.fr\/index.php\/wp-json\/wp\/v2\/pages\/11","targetHints":{"allow":["GET"]}}],"collection":[{"href":"https:\/\/www.chateau-anneot.fr\/index.php\/wp-json\/wp\/v2\/pages"}],"about":[{"href":"https:\/\/www.chateau-anneot.fr\/index.php\/wp-json\/wp\/v2\/types\/page"}],"author":[{"embeddable":true,"href":"https:\/\/www.chateau-anneot.fr\/index.php\/wp-json\/wp\/v2\/users\/1"}],"replies":[{"embeddable":true,"href":"https:\/\/www.chateau-anneot.fr\/index.php\/wp-json\/wp\/v2\/comments?post=11"}],"version-history":[{"count":7,"href":"https:\/\/www.chateau-anneot.fr\/index.php\/wp-json\/wp\/v2\/pages\/11\/revisions"}],"predecessor-version":[{"id":184,"href":"https:\/\/www.chateau-anneot.fr\/index.php\/wp-json\/wp\/v2\/pages\/11\/revisions\/184"}],"wp:attachment":[{"href":"https:\/\/www.chateau-anneot.fr\/index.php\/wp-json\/wp\/v2\/media?parent=11"}],"curies":[{"name":"wp","href":"https:\/\/api.w.org\/{rel}","templated":true}]}}