{"id":79,"date":"2023-07-24T22:26:45","date_gmt":"2023-07-24T20:26:45","guid":{"rendered":"https:\/\/www.chateau-anneot.fr\/?page_id=79"},"modified":"2025-10-25T19:15:15","modified_gmt":"2025-10-25T17:15:15","slug":"ils-parlent-du-chateau","status":"publish","type":"page","link":"https:\/\/www.chateau-anneot.fr\/index.php\/ils-parlent-du-chateau\/","title":{"rendered":"Ils parlent du ch\u00e2teau"},"content":{"rendered":"\n<hr class=\"wp-block-separator has-alpha-channel-opacity\"\/>\n\n\n\n<h2 class=\"wp-block-heading\">Article paru sur France 3 le 24 octobre 2025<\/h2>\n\n\n\n<div data-wp-interactive=\"core\/file\" class=\"wp-block-file\"><object data-wp-bind--hidden=\"!state.hasPdfPreview\" hidden class=\"wp-block-file__embed\" data=\"https:\/\/www.chateau-anneot.fr\/wp-content\/uploads\/2025\/10\/Article-France-3-24-octobre-2025.pdf\" type=\"application\/pdf\" style=\"width:100%;height:600px\" aria-label=\"Contenu embarqu\u00e9 Article France 3 24 octobre 2025.\"><\/object><a id=\"wp-block-file--media-eedb9904-0ae0-46c0-a16b-cedefed1f7e6\" href=\"https:\/\/www.chateau-anneot.fr\/wp-content\/uploads\/2025\/10\/Article-France-3-24-octobre-2025.pdf\">Article France 3 24 octobre 2025<\/a><a href=\"https:\/\/www.chateau-anneot.fr\/wp-content\/uploads\/2025\/10\/Article-France-3-24-octobre-2025.pdf\" class=\"wp-block-file__button wp-element-button\" download aria-describedby=\"wp-block-file--media-eedb9904-0ae0-46c0-a16b-cedefed1f7e6\">T\u00e9l\u00e9charger<\/a><\/div>\n\n\n\n<h2 class=\"wp-block-heading\">Reportage diffus\u00e9 sur ICI France 3 Bourgogne le 23 octobre 2025<\/h2>\n\n\n\n<figure class=\"wp-block-video\"><video height=\"720\" style=\"aspect-ratio: 1568 \/ 720;\" width=\"1568\" controls src=\"https:\/\/www.chateau-anneot.fr\/wp-content\/uploads\/2025\/10\/ANNEOT-ICI-231025-1.mp4\"><\/video><\/figure>\n\n\n\n<h2 class=\"wp-block-heading\">Article paru sur France 3 le 28 septembre 2025<\/h2>\n\n\n\n<div data-wp-interactive=\"core\/file\" class=\"wp-block-file\"><object data-wp-bind--hidden=\"!state.hasPdfPreview\" hidden class=\"wp-block-file__embed\" data=\"https:\/\/www.chateau-anneot.fr\/wp-content\/uploads\/2025\/09\/Article-France-3-28-septembre-2025.pdf\" type=\"application\/pdf\" style=\"width:100%;height:600px\" aria-label=\"Contenu embarqu\u00e9 Article France 3 28 septembre 2025.\"><\/object><a id=\"wp-block-file--media-56d1f4a1-78f1-43eb-9966-20027feb61e1\" href=\"https:\/\/www.chateau-anneot.fr\/wp-content\/uploads\/2025\/09\/Article-France-3-28-septembre-2025.pdf\">Article France 3 28 septembre 2025<\/a><a href=\"https:\/\/www.chateau-anneot.fr\/wp-content\/uploads\/2025\/09\/Article-France-3-28-septembre-2025.pdf\" class=\"wp-block-file__button wp-element-button\" download aria-describedby=\"wp-block-file--media-56d1f4a1-78f1-43eb-9966-20027feb61e1\">T\u00e9l\u00e9charger<\/a><\/div>\n\n\n\n<h2 class=\"wp-block-heading\">Article paru dans Ouest France le 24 septembre 2025<\/h2>\n\n\n\n<div data-wp-interactive=\"core\/file\" class=\"wp-block-file\"><object data-wp-bind--hidden=\"!state.hasPdfPreview\" hidden class=\"wp-block-file__embed\" data=\"https:\/\/www.chateau-anneot.fr\/wp-content\/uploads\/2025\/09\/Article-Ouest-France-Septembre-2025.pdf\" type=\"application\/pdf\" style=\"width:100%;height:600px\" aria-label=\"Contenu embarqu\u00e9 Article Ouest France Septembre 2025.\"><\/object><a id=\"wp-block-file--media-4da466b8-40a5-48a0-bb97-e10cdb4a05d3\" href=\"https:\/\/www.chateau-anneot.fr\/wp-content\/uploads\/2025\/09\/Article-Ouest-France-Septembre-2025.pdf\">Article Ouest France Septembre 2025<\/a><a href=\"https:\/\/www.chateau-anneot.fr\/wp-content\/uploads\/2025\/09\/Article-Ouest-France-Septembre-2025.pdf\" class=\"wp-block-file__button wp-element-button\" download aria-describedby=\"wp-block-file--media-4da466b8-40a5-48a0-bb97-e10cdb4a05d3\">T\u00e9l\u00e9charger<\/a><\/div>\n\n\n\n<h2 class=\"wp-block-heading\">Article publi\u00e9 sur ICI le 19 septembre 2025<\/h2>\n\n\n\n<div data-wp-interactive=\"core\/file\" class=\"wp-block-file\"><object data-wp-bind--hidden=\"!state.hasPdfPreview\" hidden class=\"wp-block-file__embed\" data=\"https:\/\/www.chateau-anneot.fr\/wp-content\/uploads\/2025\/09\/Article-ICI-31-aout-2025.pdf\" type=\"application\/pdf\" style=\"width:100%;height:600px\" aria-label=\"Contenu embarqu\u00e9 Article ICI 31 ao\u00fbt 2025.\"><\/object><a id=\"wp-block-file--media-d75e50b9-9a14-4bad-98e5-75a1d9d019e9\" href=\"https:\/\/www.chateau-anneot.fr\/wp-content\/uploads\/2025\/09\/Article-ICI-31-aout-2025.pdf\">Article ICI 31 ao\u00fbt 2025<\/a><a href=\"https:\/\/www.chateau-anneot.fr\/wp-content\/uploads\/2025\/09\/Article-ICI-31-aout-2025.pdf\" class=\"wp-block-file__button wp-element-button\" download aria-describedby=\"wp-block-file--media-d75e50b9-9a14-4bad-98e5-75a1d9d019e9\">T\u00e9l\u00e9charger<\/a><\/div>\n\n\n\n<h2 class=\"wp-block-heading\">Article publi\u00e9 sur ICI le 31 ao\u00fbt 2025<\/h2>\n\n\n\n<div data-wp-interactive=\"core\/file\" class=\"wp-block-file\"><object data-wp-bind--hidden=\"!state.hasPdfPreview\" hidden class=\"wp-block-file__embed\" data=\"https:\/\/www.chateau-anneot.fr\/wp-content\/uploads\/2025\/09\/Article-ICI-31-aout-2025-1.pdf\" type=\"application\/pdf\" style=\"width:100%;height:600px\" aria-label=\"Contenu embarqu\u00e9 Article ICI 31 ao\u00fbt 2025.\"><\/object><a id=\"wp-block-file--media-76dc1947-7136-4903-8bf2-ba08d9c9ca27\" href=\"https:\/\/www.chateau-anneot.fr\/wp-content\/uploads\/2025\/09\/Article-ICI-31-aout-2025-1.pdf\">Article ICI 31 ao\u00fbt 2025<\/a><a href=\"https:\/\/www.chateau-anneot.fr\/wp-content\/uploads\/2025\/09\/Article-ICI-31-aout-2025-1.pdf\" class=\"wp-block-file__button wp-element-button\" download aria-describedby=\"wp-block-file--media-76dc1947-7136-4903-8bf2-ba08d9c9ca27\">T\u00e9l\u00e9charger<\/a><\/div>\n\n\n\n<h2 class=\"wp-block-heading\">Reportage diffus\u00e9 sur France 3 Bourgogne le 14 juin 2025<\/h2>\n\n\n\n<p><\/p>\n\n\n\n<figure class=\"wp-block-video\"><video height=\"478\" style=\"aspect-ratio: 848 \/ 478;\" width=\"848\" controls src=\"https:\/\/www.chateau-anneot.fr\/wp-content\/uploads\/2025\/06\/WhatsApp-Video-2025-06-14-a-21.56.59_e85972fe.mp4\"><\/video><\/figure>\n\n\n\n<h2 class=\"wp-block-heading\">Article paru dans Bourgogne Magazine en d\u00e9cembre 2024<\/h2>\n\n\n\n<div data-wp-interactive=\"core\/file\" class=\"wp-block-file\"><object data-wp-bind--hidden=\"!state.hasPdfPreview\" hidden class=\"wp-block-file__embed\" data=\"https:\/\/www.chateau-anneot.fr\/wp-content\/uploads\/2025\/01\/Article-Bourgogne-Magazine-decembre-2024-1.pdf\" type=\"application\/pdf\" style=\"width:100%;height:610px\" aria-label=\"Contenu embarqu\u00e9 Article Bourgogne Magazine d\u00e9cembre 2024.\"><\/object><a id=\"wp-block-file--media-3b449f1a-50ea-4a22-956c-f6d1026561a4\" href=\"https:\/\/www.chateau-anneot.fr\/wp-content\/uploads\/2025\/01\/Article-Bourgogne-Magazine-decembre-2024-1.pdf\">Article Bourgogne Magazine d\u00e9cembre 2024<\/a><a href=\"https:\/\/www.chateau-anneot.fr\/wp-content\/uploads\/2025\/01\/Article-Bourgogne-Magazine-decembre-2024-1.pdf\" class=\"wp-block-file__button wp-element-button\" download aria-describedby=\"wp-block-file--media-3b449f1a-50ea-4a22-956c-f6d1026561a4\">T\u00e9l\u00e9charger<\/a><\/div>\n\n\n\n<h2 class=\"wp-block-heading\">Article paru sur France Bleu le 16 juillet 2024<\/h2>\n\n\n\n<div data-wp-interactive=\"core\/file\" class=\"wp-block-file\"><object data-wp-bind--hidden=\"!state.hasPdfPreview\" hidden class=\"wp-block-file__embed\" data=\"https:\/\/www.chateau-anneot.fr\/wp-content\/uploads\/2024\/12\/Article-France-Bleu-Auxerre-16-juillet-2024.pdf\" type=\"application\/pdf\" style=\"width:100%;height:600px\" aria-label=\"Contenu embarqu\u00e9 Article France Bleu Auxerre 16 juillet 2024.\"><\/object><a id=\"wp-block-file--media-1a70f743-c320-4796-ad57-5f68ae31683e\" href=\"https:\/\/www.chateau-anneot.fr\/wp-content\/uploads\/2024\/12\/Article-France-Bleu-Auxerre-16-juillet-2024.pdf\">Article France Bleu Auxerre 16 juillet 2024<\/a><a href=\"https:\/\/www.chateau-anneot.fr\/wp-content\/uploads\/2024\/12\/Article-France-Bleu-Auxerre-16-juillet-2024.pdf\" class=\"wp-block-file__button wp-element-button\" download aria-describedby=\"wp-block-file--media-1a70f743-c320-4796-ad57-5f68ae31683e\">T\u00e9l\u00e9charger<\/a><\/div>\n\n\n\n<h2 class=\"wp-block-heading\">Article paru dans l&rsquo;Yonne R\u00e9publicaine en juillet 2024<\/h2>\n\n\n\n<div data-wp-interactive=\"core\/file\" class=\"wp-block-file\"><object data-wp-bind--hidden=\"!state.hasPdfPreview\" hidden class=\"wp-block-file__embed\" data=\"https:\/\/www.chateau-anneot.fr\/wp-content\/uploads\/2024\/12\/Lyonne-Republicaine-Article-du-13-juillet-2024.pdf\" type=\"application\/pdf\" style=\"width:100%;height:600px\" aria-label=\"Contenu embarqu\u00e9 L&apos;yonne R\u00e9publicaine Article du 13 juillet 2024.\"><\/object><a id=\"wp-block-file--media-44f8e480-ad41-489b-a812-2cbfca6cdda8\" href=\"https:\/\/www.chateau-anneot.fr\/wp-content\/uploads\/2024\/12\/Lyonne-Republicaine-Article-du-13-juillet-2024.pdf\">L&rsquo;yonne R\u00e9publicaine Article du 13 juillet 2024<\/a><a href=\"https:\/\/www.chateau-anneot.fr\/wp-content\/uploads\/2024\/12\/Lyonne-Republicaine-Article-du-13-juillet-2024.pdf\" class=\"wp-block-file__button wp-element-button\" download aria-describedby=\"wp-block-file--media-44f8e480-ad41-489b-a812-2cbfca6cdda8\">T\u00e9l\u00e9charger<\/a><\/div>\n\n\n\n<h2 class=\"wp-block-heading\">Article paru dans GEO en janvier 2024<\/h2>\n\n\n\n<div data-wp-interactive=\"core\/file\" class=\"wp-block-file\"><object data-wp-bind--hidden=\"!state.hasPdfPreview\" hidden class=\"wp-block-file__embed\" data=\"https:\/\/www.chateau-anneot.fr\/wp-content\/uploads\/2024\/01\/Article-GEO-janvier-2024.pdf\" type=\"application\/pdf\" style=\"width:100%;height:600px\" aria-label=\"Contenu embarqu\u00e9 Article-GEO-janvier-2024.\"><\/object><a id=\"wp-block-file--media-94d9fd1e-8c95-4dc9-92ec-47a6eab7c4ba\" href=\"https:\/\/www.chateau-anneot.fr\/wp-content\/uploads\/2024\/01\/Article-GEO-janvier-2024.pdf\">Article-GEO-janvier-2024<\/a><a href=\"https:\/\/www.chateau-anneot.fr\/wp-content\/uploads\/2024\/01\/Article-GEO-janvier-2024.pdf\" class=\"wp-block-file__button wp-element-button\" download aria-describedby=\"wp-block-file--media-94d9fd1e-8c95-4dc9-92ec-47a6eab7c4ba\">T\u00e9l\u00e9charger<\/a><\/div>\n\n\n\n<h2 class=\"wp-block-heading\">Reportage de la cha\u00eene YoutTube So Ch\u00e2teaux !<\/h2>\n\n\n\n<figure class=\"wp-block-embed is-type-video is-provider-youtube wp-block-embed-youtube wp-embed-aspect-16-9 wp-has-aspect-ratio\"><div class=\"wp-block-embed__wrapper\">\n<iframe loading=\"lazy\" title=\"Visite d&#039;un Ch\u00e2teau Abandonn\u00e9 Avant sa Restauration. Avec le Nouveau Propri\u00e9taire.\" width=\"620\" height=\"349\" src=\"https:\/\/www.youtube.com\/embed\/g1XdeHdOGzM?feature=oembed\" frameborder=\"0\" allow=\"accelerometer; autoplay; clipboard-write; encrypted-media; gyroscope; picture-in-picture; web-share\" referrerpolicy=\"strict-origin-when-cross-origin\" allowfullscreen><\/iframe>\n<\/div><\/figure>\n\n\n\n<h2 class=\"wp-block-heading\">Reportage paru diffus\u00e9 sur Vibration le 30 ao\u00fbt 2023<\/h2>\n\n\n\n<figure class=\"wp-block-audio\"><audio controls src=\"https:\/\/www.chateau-anneot.fr\/wp-content\/uploads\/2023\/09\/Le_chateau_d_Anneot_reprend_vie_-_300823_1100_-_FOCUS_BOURGOGNE1.mp3\"><\/audio><\/figure>\n\n\n\n<h2 class=\"wp-block-heading\">Article paru sur Vibration le 30 ao\u00fbt 2023<\/h2>\n\n\n\n<div data-wp-interactive=\"core\/file\" class=\"wp-block-file\"><object data-wp-bind--hidden=\"!state.hasPdfPreview\" hidden class=\"wp-block-file__embed\" data=\"https:\/\/www.chateau-anneot.fr\/wp-content\/uploads\/2023\/09\/Article-Vibration-30-aout-2023.pdf\" type=\"application\/pdf\" style=\"width:100%;height:600px\" aria-label=\"Contenu embarqu\u00e9 Article-Vibration-30-aout-2023.\"><\/object><a id=\"wp-block-file--media-4dea1a86-b38e-42df-9035-6aba182b2148\" href=\"https:\/\/www.chateau-anneot.fr\/wp-content\/uploads\/2023\/09\/Article-Vibration-30-aout-2023.pdf\">Article-Vibration-30-aout-2023<\/a><a href=\"https:\/\/www.chateau-anneot.fr\/wp-content\/uploads\/2023\/09\/Article-Vibration-30-aout-2023.pdf\" class=\"wp-block-file__button wp-element-button\" download aria-describedby=\"wp-block-file--media-4dea1a86-b38e-42df-9035-6aba182b2148\">T\u00e9l\u00e9charger<\/a><\/div>\n\n\n\n<h2 class=\"wp-block-heading\">Article paru dans Ouest France le 23 ao\u00fbt 2023 <\/h2>\n\n\n\n<div data-wp-interactive=\"core\/file\" class=\"wp-block-file\"><object data-wp-bind--hidden=\"!state.hasPdfPreview\" hidden class=\"wp-block-file__embed\" data=\"https:\/\/www.chateau-anneot.fr\/wp-content\/uploads\/2023\/08\/Article-Ouest-France.pdf\" type=\"application\/pdf\" style=\"width:100%;height:600px\" aria-label=\"Contenu embarqu\u00e9 Article-Ouest-France.\"><\/object><a id=\"wp-block-file--media-8e35598a-44f2-4d1b-a8dc-764e757289d4\" href=\"https:\/\/www.chateau-anneot.fr\/wp-content\/uploads\/2023\/08\/Article-Ouest-France.pdf\">Article-Ouest-France<\/a><a href=\"https:\/\/www.chateau-anneot.fr\/wp-content\/uploads\/2023\/08\/Article-Ouest-France.pdf\" class=\"wp-block-file__button wp-element-button\" download aria-describedby=\"wp-block-file--media-8e35598a-44f2-4d1b-a8dc-764e757289d4\">T\u00e9l\u00e9charger<\/a><\/div>\n\n\n\n<h2 class=\"wp-block-heading\">Reportages diffus\u00e9s dans la matinale du 9 ao\u00fbt sur France Bleu<\/h2>\n\n\n\n<figure class=\"wp-block-audio\"><audio controls src=\"https:\/\/www.chateau-anneot.fr\/wp-content\/uploads\/2023\/08\/09-08-2023-sujet-chateau-anneot.mp3\"><\/audio><\/figure>\n\n\n\n<figure class=\"wp-block-audio\"><audio controls src=\"https:\/\/www.chateau-anneot.fr\/wp-content\/uploads\/2023\/08\/09-08-2023-son-chateau-anneot.mp3\"><\/audio><\/figure>\n\n\n\n<h2 class=\"wp-block-heading\">Article paru sur <a href=\"https:\/\/www.francebleu.fr\/infos\/societe\/les-nouveaux-proprietaires-du-chateau-d-anneot-veulent-lui-redonner-son-eclat-4026513\">France Bleu<\/a> le 9 ao\u00fbt 2023<\/h2>\n\n\n\n<div data-wp-interactive=\"core\/file\" class=\"wp-block-file\"><object data-wp-bind--hidden=\"!state.hasPdfPreview\" hidden class=\"wp-block-file__embed\" data=\"https:\/\/www.chateau-anneot.fr\/wp-content\/uploads\/2023\/08\/Les-nouveaux-proprietaires-du-chateau-dAnneot-veulent-lui-redonner-son-eclat.pdf\" type=\"application\/pdf\" style=\"width:100%;height:600px\" aria-label=\"Contenu embarqu\u00e9 Les-nouveaux-proprietaires-du-chateau-dAnneot-veulent-lui-redonner-son-eclat.\"><\/object><a id=\"wp-block-file--media-4f8dd18c-bdb9-4868-ab44-7bf151ec3ca8\" href=\"https:\/\/www.chateau-anneot.fr\/wp-content\/uploads\/2023\/08\/Les-nouveaux-proprietaires-du-chateau-dAnneot-veulent-lui-redonner-son-eclat.pdf\">Les-nouveaux-proprietaires-du-chateau-dAnneot-veulent-lui-redonner-son-eclat<\/a><a href=\"https:\/\/www.chateau-anneot.fr\/wp-content\/uploads\/2023\/08\/Les-nouveaux-proprietaires-du-chateau-dAnneot-veulent-lui-redonner-son-eclat.pdf\" class=\"wp-block-file__button wp-element-button\" download aria-describedby=\"wp-block-file--media-4f8dd18c-bdb9-4868-ab44-7bf151ec3ca8\">T\u00e9l\u00e9charger<\/a><\/div>\n\n\n\n<h2 class=\"wp-block-heading\">Article paru dans<a href=\"https:\/\/www.lyonne.fr\/anneot-89200\/loisirs\/des-particuliers-ont-acquis-le-chateau-d-anneot-a-l-abandon-pour-lui-redonner-vie_14348167\/\"> l&rsquo;Yonne R\u00e9publicaine<\/a> le 25 juillet 2023<\/h2>\n\n\n\n<div data-wp-interactive=\"core\/file\" class=\"wp-block-file\"><object data-wp-bind--hidden=\"!state.hasPdfPreview\" hidden class=\"wp-block-file__embed\" data=\"https:\/\/www.chateau-anneot.fr\/wp-content\/uploads\/2023\/07\/LYonne-Republicaine-25-juillet-2023.pdf\" type=\"application\/pdf\" style=\"width:100%;height:600px\" aria-label=\"Contenu embarqu\u00e9 LYonne-Republicaine-25-juillet-2023.\"><\/object><a id=\"wp-block-file--media-50a29f5f-6876-403f-98db-e178cdfefcf0\" href=\"https:\/\/www.chateau-anneot.fr\/wp-content\/uploads\/2023\/07\/LYonne-Republicaine-25-juillet-2023.pdf\">LYonne-Republicaine-25-juillet-2023<\/a><a href=\"https:\/\/www.chateau-anneot.fr\/wp-content\/uploads\/2023\/07\/LYonne-Republicaine-25-juillet-2023.pdf\" class=\"wp-block-file__button wp-element-button\" download aria-describedby=\"wp-block-file--media-50a29f5f-6876-403f-98db-e178cdfefcf0\">T\u00e9l\u00e9charger<\/a><\/div>\n\n\n\n<p><\/p>\n","protected":false},"excerpt":{"rendered":"<p>Article paru sur France 3 le 24 octobre 2025 Reportage diffus\u00e9 sur ICI France 3 Bourgogne le 23 octobre 2025 Article paru sur France 3 le 28 septembre 2025 Article paru dans Ouest France le 24 septembre 2025 Article publi\u00e9 sur ICI le 19 septembre 2025 Article publi\u00e9 sur ICI le 31 ao\u00fbt 2025 Reportage<a class=\"more-link\" href=\"https:\/\/www.chateau-anneot.fr\/index.php\/ils-parlent-du-chateau\/\">Continue reading <span class=\"screen-reader-text\">\u00ab\u00a0Ils parlent du ch\u00e2teau\u00a0\u00bb<\/span><\/a><\/p>\n","protected":false},"author":1,"featured_media":0,"parent":0,"menu_order":0,"comment_status":"closed","ping_status":"closed","template":"","meta":{"_monsterinsights_skip_tracking":false,"_monsterinsights_sitenote_active":false,"_monsterinsights_sitenote_note":"","_monsterinsights_sitenote_category":0,"footnotes":""},"class_list":["post-79","page","type-page","status-publish","hentry","entry"],"_links":{"self":[{"href":"https:\/\/www.chateau-anneot.fr\/index.php\/wp-json\/wp\/v2\/pages\/79","targetHints":{"allow":["GET"]}}],"collection":[{"href":"https:\/\/www.chateau-anneot.fr\/index.php\/wp-json\/wp\/v2\/pages"}],"about":[{"href":"https:\/\/www.chateau-anneot.fr\/index.php\/wp-json\/wp\/v2\/types\/page"}],"author":[{"embeddable":true,"href":"https:\/\/www.chateau-anneot.fr\/index.php\/wp-json\/wp\/v2\/users\/1"}],"replies":[{"embeddable":true,"href":"https:\/\/www.chateau-anneot.fr\/index.php\/wp-json\/wp\/v2\/comments?post=79"}],"version-history":[{"count":22,"href":"https:\/\/www.chateau-anneot.fr\/index.php\/wp-json\/wp\/v2\/pages\/79\/revisions"}],"predecessor-version":[{"id":289,"href":"https:\/\/www.chateau-anneot.fr\/index.php\/wp-json\/wp\/v2\/pages\/79\/revisions\/289"}],"wp:attachment":[{"href":"https:\/\/www.chateau-anneot.fr\/index.php\/wp-json\/wp\/v2\/media?parent=79"}],"curies":[{"name":"wp","href":"https:\/\/api.w.org\/{rel}","templated":true}]}}